{"id":1332,"date":"2020-02-06T02:36:48","date_gmt":"2020-02-05T15:36:48","guid":{"rendered":"http:\/\/www.ablocation.nc\/?page_id=1332"},"modified":"2020-02-09T00:46:05","modified_gmt":"2020-02-08T13:46:05","slug":"mentions-legales","status":"publish","type":"page","link":"https:\/\/www.ablocation.nc\/en\/mentions-legales\/","title":{"rendered":"LEGAL NOTICE"},"content":{"rendered":"<h2><\/h2>\n<h2 class=\"text-center\" style=\"text-align: left;\">AB LOCATION<\/h2>\n<p>Conform\u00e9ment aux dispositions des Articles 6-III et 19 de la Loi n\u00b02004-575 du 21 juin 2004 pour la Confiance dans l&#8217;\u00e9conomie num\u00e9rique, dite L.C.E.N., il est port\u00e9 \u00e0 la connaissance des utilisateurs et visiteurs du site AB Location les pr\u00e9sentes mentions l\u00e9gales.<\/p>\n<p>Le site AB Location est accessible \u00e0 l&#8217;adresse suivante : www.ablocation.nc (ci-apr\u00e8s &#8220;le Site&#8221;). L&#8217;acc\u00e8s et l&#8217;utilisation du Site sont soumis aux pr\u00e9sentes &#8221; Mentions l\u00e9gales&#8221; d\u00e9taill\u00e9es ci-apr\u00e8s ainsi qu&#8217;aux lois et\/ou r\u00e8glements applicables.<\/p>\n<p>La connexion, l&#8217;utilisation et l&#8217;acc\u00e8s \u00e0 ce Site impliquent l&#8217;acceptation int\u00e9grale et sans r\u00e9serve de l&#8217;internaute de toutes les dispositions des pr\u00e9sentes Mentions L\u00e9gales.<\/p>\n<h2>ARTICLE 1 &#8211; INFORMATIONS L\u00c9GALES<\/h2>\n<p>En vertu de l&#8217;Article 6 de la Loi n\u00b0 2004-575 du 21 juin 2004 pour la confiance dans l&#8217;\u00e9conomie num\u00e9rique, il est pr\u00e9cis\u00e9 dans cet article l&#8217;identit\u00e9 des diff\u00e9rents intervenants dans le cadre de sa r\u00e9alisation et de son suivi.<\/p>\n<h3>A. Editeur du site<\/h3>\n<p>Le site AB Location est \u00e9dit\u00e9 par :<\/p>\n<p>SARL AB Location<\/p>\n<p>ayant son si\u00e8ge social \u00e0 l&#8217;adresse suivante : 36 Avenue du Mar\u00e9chal foch, et immatricul\u00e9e au num\u00e9ro suivant : 000119966RCS NOUMEA.<\/p>\n<p>Capital social : 5400000 euros<\/p>\n<p>T\u00e9l\u00e9phone : 28.12.12<\/p>\n<p>Adresse e-mail : ablocation@mls.nc<\/p>\n<p><em>ci-apr\u00e8s &#8221; l&#8217;\u00c9diteur &#8220;<\/em><\/p>\n<p>&nbsp;<\/p>\n<h3>B. Directeur de publication<\/h3>\n<p>Le Directeur de publication est : BERTHOMIER Aurelie<\/p>\n<p>Adresse e-mail de contact : ablocation@mls.nc<\/p>\n<p>ci-apr\u00e8s &#8221; le Directeur de publication &#8221;<\/p>\n<h3>C. H\u00e9bergeur du site<\/h3>\n<p>Le site AB Location est h\u00e9berg\u00e9 par : DSP | BECOM<\/p>\n<p>dont le si\u00e8ge est situ\u00e9 \u00e0 l&#8217;adresse suivante : 212 rue Roger Gervolino, Magenta, 98800 Noum\u00e9a<\/p>\n<p>T\u00e9l\u00e9phone : +687 758 028<\/p>\n<p>Adresse e-mail : contact@becom.nc.<\/p>\n<p>ci-apr\u00e8s &#8221; l&#8217;H\u00e9bergeur &#8221;<\/p>\n<h3>D. Utilisateurs<\/h3>\n<p>Sont consid\u00e9r\u00e9s comme utilisateurs tous les internautes qui naviguent, lisent, visionnent et utilisent le site AB Location.<\/p>\n<p><em>ci-apr\u00e8s les<\/em>\u00a0&#8221; Utilisateurs &#8221;<\/p>\n<h2>ARTICLE 2 &#8211; CONFIDENTIALITE<\/h2>\n<h3>A. DONNEES COLLECTEES ET TRAITEES<\/h3>\n<p>Conform\u00e9ment aux dispositions de l&#8217;article 5 du R\u00e8glement europ\u00e9en 2016\/679, la collecte et le traitement des donn\u00e9es des utilisateurs du site respectent les principes suivants :<\/p>\n<ul>\n<li>Lic\u00e9it\u00e9, loyaut\u00e9 et transparence : les donn\u00e9es ne peuvent \u00eatre collect\u00e9es et trait\u00e9es qu&#8217;avec le consentement de l&#8217;utilisateur propri\u00e9taire des donn\u00e9es. A chaque fois que des donn\u00e9es \u00e0 caract\u00e8re personnel seront collect\u00e9es, il sera indiqu\u00e9 \u00e0 l&#8217;utilisateur que ses donn\u00e9es sont collect\u00e9es, et pour quelles raisons ses donn\u00e9es sont collect\u00e9es<\/li>\n<li>Finalit\u00e9s limit\u00e9es : la collecte et le traitement des donn\u00e9es sont ex\u00e9cut\u00e9s pour r\u00e9pondre \u00e0 un ou plusieurs objectifs d\u00e9termin\u00e9s dans les pr\u00e9sentes mentions l\u00e9gales<\/li>\n<li>Minimisation de la collecte et du traitement des donn\u00e9es : seules les donn\u00e9es n\u00e9cessaires \u00e0 la bonne ex\u00e9cution des objectifs poursuivis par le site sont collect\u00e9es<\/li>\n<li>Conservation des donn\u00e9es r\u00e9duites dans le temps : les donn\u00e9es sont conserv\u00e9es pour une dur\u00e9e limit\u00e9e, dont l&#8217;utilisateur est inform\u00e9. Si la dur\u00e9e de conservation ne peut \u00eatre communiqu\u00e9e \u00e0 l&#8217;utilisateur<\/li>\n<li>Int\u00e9grit\u00e9 et confidentialit\u00e9 des donn\u00e9es collect\u00e9es et trait\u00e9es : le responsable du traitement des donn\u00e9es s&#8217;engage \u00e0 garantir l&#8217;int\u00e9grit\u00e9 et la confidentialit\u00e9 des donn\u00e9es collect\u00e9es.<\/li>\n<\/ul>\n<p>Afin d&#8217;\u00eatre licite, et ce conform\u00e9ment aux exigences de l&#8217;article 6 du r\u00e8glement europ\u00e9en 2016\/679, la collecte et le traitement des donn\u00e9es \u00e0 caract\u00e8re personnel ne pourront intervenir que s&#8217;ils respectent au moins l&#8217;une des conditions ci-apr\u00e8s \u00e9num\u00e9r\u00e9es :<\/p>\n<ul>\n<li>L&#8217;utilisateur a express\u00e9ment consenti au traitement<\/li>\n<li>Le traitement est n\u00e9cessaire \u00e0 la bonne ex\u00e9cution d&#8217;un contrat<\/li>\n<li>Le traitement r\u00e9pond \u00e0 une obligation l\u00e9gale<\/li>\n<li>Le traitement s&#8217;explique par une n\u00e9cessit\u00e9 li\u00e9e \u00e0 la sauvegarde des int\u00e9r\u00eats vitaux de la personne concern\u00e9e ou d&#8217;une autre personne physique<\/li>\n<li>Le traitement peut s&#8217;expliquer par une n\u00e9cessit\u00e9 li\u00e9e \u00e0 l&#8217;ex\u00e9cution d&#8217;une mission d&#8217;int\u00e9r\u00eat public ou qui rel\u00e8ve de l&#8217;exercice de l&#8217;autorit\u00e9 publique<\/li>\n<li>Le traitement et la collecte des donn\u00e9es \u00e0 caract\u00e8re personnel sont n\u00e9cessaires aux fins des int\u00e9r\u00eats l\u00e9gitimes et priv\u00e9s poursuivis par le responsable du traitement ou par un tiers<\/li>\n<\/ul>\n<p>Les donn\u00e9es \u00e0 caract\u00e8re personnel collect\u00e9es sur le site AB Location sont les suivantes :<\/p>\n<p>nom, pr\u00e9nom, adresse, mail, telephone, age<\/p>\n<p>Ces donn\u00e9es sont collect\u00e9es lorsque l&#8217;Utilisateur effectue l&#8217;une des op\u00e9rations suivantes sur le site :<\/p>\n<p>lorsque l&#8217;utilisateur fait une demande de r\u00e9servation d&#8217;un v\u00e9hicule<\/p>\n<p>Le responsable du traitement conservera dans ses syst\u00e8mes informatiques du site et dans des conditions raisonnables de s\u00e9curit\u00e9 l&#8217;ensemble des donn\u00e9es collect\u00e9es pour une dur\u00e9e de : 3 ans.<\/p>\n<p>La collecte et le traitement des donn\u00e9es r\u00e9pondent aux finalit\u00e9s suivantes :<\/p>\n<p>les donn\u00e9es sont conserv\u00e9e afin d&#8217;\u00e9tablir la fiche contact du client concernant la location de la voiture<\/p>\n<p>Les donn\u00e9es peuvent \u00eatre transmises au(x) tiers ci-apr\u00e8s \u00e9num\u00e9r\u00e9(s) :<\/p>\n<p>Nous ne transmettons pas les donn\u00e9es<\/p>\n<h3>B. HEBERGEMENT DES DONNEES<\/h3>\n<p>Tel que mentionn\u00e9 plus haut, le site AB Location est h\u00e9berg\u00e9 par : DSP | BECOM, dont le si\u00e8ge est situ\u00e9 \u00e0 l&#8217;adresse ci-apr\u00e8s :<\/p>\n<p>212 rue Roger Gervolino, Magenta, 98800 Noum\u00e9a<\/p>\n<p>L&#8217;h\u00e9bergeur peut \u00eatre contact\u00e9 au num\u00e9ro de t\u00e9l\u00e9phone suivant : +687 758 028<\/p>\n<p>Les donn\u00e9es collect\u00e9es et trait\u00e9es par le site sont exclusivement h\u00e9berg\u00e9es et trait\u00e9es en France.<\/p>\n<h3>C. LE RESPONSABLE DU TRAITEMENT DES DONN\u00c9ES<\/h3>\n<p>Le responsable du traitement des donn\u00e9es \u00e0 caract\u00e8re personnel est : BERTHOMIER Aur\u00e9lie. Il peut \u00eatre contact\u00e9 de la mani\u00e8re suivante :<\/p>\n<p>par telephone au 28.12.12 ou au 75.37.21<\/p>\n<h3>D. DONNEES PERSONNELLES DES PERSONNES MINEURES<\/h3>\n<p>Conform\u00e9ment aux dispositions de l&#8217;article 8 du r\u00e8glement europ\u00e9en 2016\/679 et \u00e0 la loi Informatique et Libert\u00e9s, seuls les mineurs \u00e2g\u00e9s de 15 ans ou plus peuvent consentir au traitement de leurs donn\u00e9es personnelles.<\/p>\n<p>Si l&#8217;utilisateur est un mineur de moins de 15 ans, l&#8217;accord d&#8217;un repr\u00e9sentant l\u00e9gal sera requis afin que des donn\u00e9es \u00e0 caract\u00e8re personnel puissent \u00eatre collect\u00e9es et trait\u00e9es.<\/p>\n<h3>E. DROITS DE L&#8217;UTILISATEUR ET PROC\u00c9DURES DE MISE EN OEUVRE DES DROITS DE L&#8217;UTILISATEUR<\/h3>\n<p>Conform\u00e9ment \u00e0 la r\u00e9glementation concernant le traitement des donn\u00e9es \u00e0 caract\u00e8re personnel, l&#8217;Utilisateur poss\u00e8de les droits ci-apr\u00e8s \u00e9num\u00e9r\u00e9s.<\/p>\n<p>Afin que le responsable du traitement des donn\u00e9es fasse droit \u00e0 sa demande, l&#8217;utilisateur est tenu de lui communiquer : ses pr\u00e9nom et nom ainsi que son adresse e-mail, et si cela est pertinent, son num\u00e9ro de compte ou d&#8217;espace personnel ou d&#8217;abonn\u00e9.<\/p>\n<p>Le responsable du traitement des donn\u00e9es est tenu de r\u00e9pondre \u00e0 l&#8217;Utilisateur dans un d\u00e9lai de 30 (trente) jours maximum.<\/p>\n<h4>a. Droit d&#8217;acc\u00e8s, de rectification et droit \u00e0 l&#8217;oubli<\/h4>\n<p>L&#8217;utilisateur peut prendre connaissance, mettre \u00e0 jour, modifier ou demander la suppression des donn\u00e9es le concernant, en respectant la proc\u00e9dure ci-apr\u00e8s \u00e9nonc\u00e9e :<\/p>\n<p>Envoyer un mail en utilisant le formulaire de contact sur le site www.ablocation.nc<\/p>\n<p>S&#8217;il en poss\u00e8de un, l&#8217;utilisateur a le droit de demander la suppression de son espace personnel en suivant la proc\u00e9dure suivante :<\/p>\n<p>Envoyer un mail en utilisant le formulaire de contact sur le site www.ablocation.nc<\/p>\n<h4>b. Droit \u00e0 la portabilit\u00e9 des donn\u00e9es<\/h4>\n<p>L&#8217;Utilisateur a le droit de demander la portabilit\u00e9 de ses donn\u00e9es personnelles, d\u00e9tenues par le site, vers un autre site, en se conformant \u00e0 la proc\u00e9dure ci-apr\u00e8s :<\/p>\n<p>Envoyer un mail en utilisant le formulaire de contact sur le site www.ablocation.nc<\/p>\n<h4>c. Droit \u00e0 la limitation et \u00e0 l&#8217;opposition du traitement des donn\u00e9es<\/h4>\n<p>Enfin, l&#8217;Utilisateur a le droit de demander la limitation ou de s&#8217;opposer au traitement de ses donn\u00e9es par le site, sans que le site ne puisse refuser, sauf \u00e0 d\u00e9montrer l&#8217;existence de motifs l\u00e9gitimes et imp\u00e9rieux, pouvant pr\u00e9valoir sur les int\u00e9r\u00eats et les droits et libert\u00e9s de l&#8217;Utilisateur.<\/p>\n<h4>d. Droit de d\u00e9terminer le sort des donn\u00e9es apr\u00e8s la mort<\/h4>\n<p>Il est rappel\u00e9 \u00e0 l&#8217;utilisateur qu&#8217;il peut organiser quel doit \u00eatre le devenir de ses donn\u00e9es collect\u00e9es et trait\u00e9es s&#8217;il d\u00e9c\u00e8de, conform\u00e9ment \u00e0 la loi n\u00b02016-1321 du 7 octobre 2016.<\/p>\n<h4>e. Droit de saisir l&#8217;autorit\u00e9 de contr\u00f4le comp\u00e9tente<\/h4>\n<p>Dans le cas o\u00f9 le responsable du traitement des donn\u00e9es d\u00e9cide de ne pas r\u00e9pondre \u00e0 la demande de l&#8217;Utilisateur, et que l&#8217;Utilisateur souhaite contester cette d\u00e9cision, il est en droit de saisir la CNIL (Commission Nationale de l&#8217;Informatique et des Libert\u00e9s, https:\/\/www.cnil.fr) ou tout juge comp\u00e9tent.<\/p>\n<h3>F. OBLIGATIONS DU RESPONSABLE DU TRAITEMENT DES DONN\u00c9ES<\/h3>\n<p>Le responsable du traitement s&#8217;engage \u00e0 prot\u00e9ger les donn\u00e9es \u00e0 caract\u00e8re personnel collect\u00e9es, \u00e0 ne pas les transmettre \u00e0 des tiers sans que l&#8217;utilisateur n&#8217;en ait \u00e9t\u00e9 inform\u00e9 et \u00e0 respecter les finalit\u00e9s pour lesquelles ces donn\u00e9es ont \u00e9t\u00e9 collect\u00e9es.<\/p>\n<p>Le site dispose d&#8217;un certificat SSL afin de garantir que les informations et le transfert des donn\u00e9es transitant par le site sont s\u00e9curis\u00e9s.<\/p>\n<p>De plus, le responsable du traitement des donn\u00e9es s&#8217;engage \u00e0 notifier l&#8217;utilisateur en cas de rectification ou de suppression des donn\u00e9es, \u00e0 moins que cela n&#8217;entra\u00eene pour lui des formalit\u00e9s, co\u00fbts et d\u00e9marches disproportionn\u00e9s.<\/p>\n<p>Dans le cas o\u00f9 l&#8217;int\u00e9grit\u00e9, la confidentialit\u00e9 ou la s\u00e9curit\u00e9 des donn\u00e9es \u00e0 caract\u00e8re personnel de l&#8217;Utilisateur est compromise, le responsable du traitement s&#8217;engage \u00e0 informer l&#8217;Utilisateur par tout moyen.<\/p>\n<h3>G. COOKIES<\/h3>\n<p>Le site a \u00e9ventuellement recours aux techniques de &#8220;cookies&#8221; lui permettant de traiter des statistiques et des informations sur le trafic, de faciliter la navigation et d&#8217;am\u00e9liorer le service pour le confort de l&#8217;utilisateur. Pour l&#8217;utilisation de fichiers &#8220;cookies&#8221; impliquant la sauvegarde et l&#8217;analyse de donn\u00e9es \u00e0 caract\u00e8re personnel, le consentement de l&#8217;utilisateur est n\u00e9cessairement demand\u00e9.<\/p>\n<p>Ce consentement de l&#8217;Utilisateur est consid\u00e9r\u00e9 comme valide pour une dur\u00e9e de 13 (treize) mois maximum. A l&#8217;issue de cette p\u00e9riode, le site demandera \u00e0 nouveau l&#8217;autorisation de l&#8217;utilisateur pour enregistrer des fichiers &#8220;cookies&#8221; sur son disque dur.<\/p>\n<h4>a. Opposition de l&#8217;utilisateur \u00e0 l&#8217;utilisation de fichiers &#8220;cookies&#8221; par le site<\/h4>\n<p>Il est port\u00e9 \u00e0 la connaissance de l&#8217;Utilisateur qu&#8217;il peut s&#8217;opposer \u00e0 l&#8217;enregistrement de ces &#8220;cookies&#8221; en configurant son logiciel de navigation.<\/p>\n<p>Dans le cas o\u00f9 l&#8217;utilisateur d\u00e9cide de d\u00e9sactiver les fichiers &#8220;cookies&#8221;, il pourra poursuivre sa navigation sur le site. Toutefois, tout dysfonctionnement du site provoqu\u00e9 par cette manipulation ne pourrait \u00eatre consid\u00e9r\u00e9 comme \u00e9tant du fait de l&#8217;Editeur du site.<\/p>\n<h4>b. Description des fichiers &#8220;cookies&#8221; utilis\u00e9s par le site<\/h4>\n<p>L&#8217;Editeur du site attire l&#8217;attention de l&#8217;Utilisateur sur le fait que les cookies suivants sont utilis\u00e9s lors de sa navigation :<\/p>\n<p>En naviguant sur le site, il est port\u00e9 \u00e0 connaissance de l&#8217;utilisateur que des fichiers &#8220;cookies&#8221; de tiers peuvent \u00eatre enregistr\u00e9s.<\/p>\n<p>Il s&#8217;agit plus particuli\u00e8rement des tiers suivants :<\/p>\n<div class=\"table-responsive\"><table class=\"table table-hover table-bordered\">\n\t\t\t\t  <thead>\n\t\t\t\t\t<tr>\n\t\t\t\t\t  <th>Nom de cookie<\/td>\n\t\t\t\t\t  <th>Origine<\/td>\n\t\t\t\t\t  <th>Cat\u00e9gories<\/td>\n\t\t\t\t\t  <th>Dur\u00e9e<\/td>\n\t\t\t\t\t  <th>Fonction<\/td>\n\t\t\t\t\t<\/tr>\n\t\t\t\t  <\/thead>\n\t\t\t\t<tbody><\/tbody><\/table><\/div>\n<p>Nous ne transmettons pas les donn\u00e9es<\/p>\n<p>De plus, le site int\u00e8gre des boutons de r\u00e9seaux sociaux, permettant \u00e0 l&#8217;Utilisateur de partager son activit\u00e9 sur le site. Des fichiers &#8220;cookies&#8221; de ces r\u00e9seaux sociaux sont par cons\u00e9quent susceptibles d&#8217;\u00eatre stock\u00e9s sur l&#8217;ordinateur de l&#8217;utilisateur lorsqu&#8217;il utilise ces fonctionnalit\u00e9s.<\/p>\n<p>L&#8217;attention de l&#8217;utilisateur est port\u00e9e sur le fait que ces sites disposent de politiques de confidentialit\u00e9 propres, possiblement diff\u00e9rentes de celles pr\u00e9sent\u00e9es ici. L&#8217;Editeur du site invite les utilisateurs \u00e0 consulter les politiques de confidentialit\u00e9 et de gestions des donn\u00e9es personnelles de ces sites.<\/p>\n<h2>ARTICLE 3 &#8211; ACCESSIBILIT\u00c9<\/h2>\n<p>Le Site est par principe accessible aux Utilisateurs 24\/24h et 7\/7j, sauf interruption, programm\u00e9e ou non, pour des besoins de maintenance ou en cas de force majeure.<\/p>\n<p>En cas d&#8217;impossibilit\u00e9 d&#8217;acc\u00e8s au Site, celui-ci s&#8217;engage \u00e0 faire son maximum afin d&#8217;en r\u00e9tablir l&#8217;acc\u00e8s. Le Site ne saurait \u00eatre tenu pour responsable de tout dommage, quelle qu&#8217;en soit la nature, r\u00e9sultant de son indisponibilit\u00e9.<\/p>\n<h2>ARTICLE 4 &#8211; LOI APPLICABLE ET JURIDICTION<\/h2>\n<p>Les pr\u00e9sentes Mentions L\u00e9gales sont r\u00e9gies par la loi fran\u00e7aise. En cas de diff\u00e9rend et \u00e0 d\u00e9faut d&#8217;accord amiable, le litige sera port\u00e9 devant les tribunaux fran\u00e7ais conform\u00e9ment aux r\u00e8gles de comp\u00e9tence en vigueur.<\/p>\n<h2>ARTICLE 5 &#8211; CONTACT<\/h2>\n<p>Pour tout signalement de contenus ou d&#8217;activit\u00e9s illicites, l&#8217;Utilisateur peut contacter l&#8217;\u00c9diteur \u00e0 l&#8217;adresse suivante : 36 Avenue du Mar\u00e9chal foch, ou par courrier recommand\u00e9 avec accus\u00e9 de r\u00e9ception adress\u00e9 \u00e0 l&#8217;\u00c9diteur aux coordonn\u00e9es pr\u00e9cis\u00e9es dans les pr\u00e9sentes mentions l\u00e9gales.<\/p>\n","protected":false},"excerpt":{"rendered":"<p>AB LOCATION Conform\u00e9ment aux dispositions des Articles 6-III et 19 de la Loi n\u00b02004-575 du 21 juin 2004 pour la Confiance dans l&#8217;\u00e9conomie num\u00e9rique, dite L.C.E.N., il est port\u00e9 \u00e0 la connaissance des utilisateurs et visiteurs du site AB Location les pr\u00e9sentes mentions l\u00e9gales. Le site AB Location est accessible \u00e0 l&#8217;adresse suivante : www.ablocation.nc [&hellip;]<\/p>\n","protected":false},"author":1,"featured_media":0,"parent":0,"menu_order":0,"comment_status":"closed","ping_status":"closed","template":"","meta":{"_acf_changed":false,"footnotes":""},"class_list":["post-1332","page","type-page","status-publish","hentry"],"acf":[],"_links":{"self":[{"href":"https:\/\/www.ablocation.nc\/en\/wp-json\/wp\/v2\/pages\/1332","targetHints":{"allow":["GET"]}}],"collection":[{"href":"https:\/\/www.ablocation.nc\/en\/wp-json\/wp\/v2\/pages"}],"about":[{"href":"https:\/\/www.ablocation.nc\/en\/wp-json\/wp\/v2\/types\/page"}],"author":[{"embeddable":true,"href":"https:\/\/www.ablocation.nc\/en\/wp-json\/wp\/v2\/users\/1"}],"replies":[{"embeddable":true,"href":"https:\/\/www.ablocation.nc\/en\/wp-json\/wp\/v2\/comments?post=1332"}],"version-history":[{"count":7,"href":"https:\/\/www.ablocation.nc\/en\/wp-json\/wp\/v2\/pages\/1332\/revisions"}],"predecessor-version":[{"id":1353,"href":"https:\/\/www.ablocation.nc\/en\/wp-json\/wp\/v2\/pages\/1332\/revisions\/1353"}],"wp:attachment":[{"href":"https:\/\/www.ablocation.nc\/en\/wp-json\/wp\/v2\/media?parent=1332"}],"curies":[{"name":"wp","href":"https:\/\/api.w.org\/{rel}","templated":true}]}}